{"id":9620,"date":"2019-09-08T14:38:25","date_gmt":"2019-09-08T17:38:25","guid":{"rendered":"http:\/\/dev.rosenbaum.com.br\/?page_id=9620"},"modified":"2021-04-09T10:34:44","modified_gmt":"2021-04-09T13:34:44","slug":"mobiliario-para-fundacao-bradesco-canuana","status":"publish","type":"page","link":"https:\/\/rosenbaum.com.br\/escritorio\/projetos\/mobiliario-para-fundacao-bradesco-canuana\/","title":{"rendered":"Mobili\u00e1rio para Funda\u00e7\u00e3o Bradesco Canuan\u00e3"},"content":{"rendered":"<div>\u00a0<\/div><div>\n<div><img loading=\"lazy\" class=\"img-responsive aligncenter wp-image-3134\" style=\"text-align: center;\" src=\"http:\/\/rosenbaum.com.br\/escritorio\/wp-content\/uploads\/2016\/05\/blank-prov.jpg\" alt=\"\" width=\"80\" height=\"30\"><\/div>\n<div>\n<div class=\"module-image-above modules\">\n<img loading=\"lazy\" class=\"img-responsive center aligncenter wp-image-9623 size-medium\" src=\"http:\/\/rosenbaum.com.br\/escritorio\/wp-content\/uploads\/2020\/10\/Rosenbaum-Design-Fundacao-Bradesco-Canuana-Mobiliario-Desenho-beliche-300x220.jpg\" alt=\"\" width=\"300\" height=\"220\" srcset=\"https:\/\/rosenbaum.com.br\/escritorio\/wp-content\/uploads\/2020\/10\/Rosenbaum-Design-Fundacao-Bradesco-Canuana-Mobiliario-Desenho-beliche-300x220.jpg 300w, https:\/\/rosenbaum.com.br\/escritorio\/wp-content\/uploads\/2020\/10\/Rosenbaum-Design-Fundacao-Bradesco-Canuana-Mobiliario-Desenho-beliche-130x95.jpg 130w, https:\/\/rosenbaum.com.br\/escritorio\/wp-content\/uploads\/2020\/10\/Rosenbaum-Design-Fundacao-Bradesco-Canuana-Mobiliario-Desenho-beliche-258x189.jpg 258w, https:\/\/rosenbaum.com.br\/escritorio\/wp-content\/uploads\/2020\/10\/Rosenbaum-Design-Fundacao-Bradesco-Canuana-Mobiliario-Desenho-beliche.jpg 307w\" sizes=\"(max-width: 300px) 100vw, 300px\">\n<div class=\"row\">\n<div class=\"col-md-6 col-md-offset-3\">\n<blockquote>\n<p style=\"text-align: center;\">O projeto do mobili\u00e1rio para Escola-fazenda de Canuan\u00e3 \/ Funda\u00e7\u00e3o Bradesco, desenvolvido por Rosenbaum e o Fetiche foi concebido numa sequ\u00eancia de imers\u00f5es no local, que criaram uma ampla vis\u00e3o do contexto.<\/p>\n<\/blockquote>\n<p>A primeira imers\u00e3o foi a focada na aproxima\u00e7\u00e3o com os alunos, moradores da escola. Nesse di\u00e1logo, foi poss\u00edvel entender que as crian\u00e7as n\u00e3o reconheciam a escola como sua casa, apesar de morarem l\u00e1 por 13 anos. Esse foi o fio condutor de todas as etapas seguintes.\u00a0<\/p>\n<p>Criamos uma din\u00e2mica de desenho coletivo, onde tratamos de quest\u00f5es relacionadas ao espa\u00e7o que os corpos ocupam. Lidamos com a importante quest\u00e3o do espa\u00e7o p\u00fablico e privado dentro das moradas. Partimos do microespa\u00e7o, das necessidades coletivas e individuais, desenhando um mobili\u00e1rio para os quartos que tem espa\u00e7os coletivos e privados.<\/p>\n<p>No pavimento superior, as \u00e1reas de jogos, estudo e TV integram as moradas criando um programa de casa, com equipamentos de brincar, estudar e espa\u00e7os de descanso.<\/p>\n<p>A Rosenbaum sempre acreditou em projetos colaborativos e encontrou grande afinidade com o est\u00fadio <strong>Fetiche Design<\/strong>. Marcelo Rosenbaum, Adriana Benguela, Carolina Armellini e Paulo Biacchi somam seus conhecimentos e criam projetos contempor\u00e2neos e acess\u00edveis, carregados de significado e inspirados essencialmente na identidade brasileira.<\/p>\n<p>A Escola-fazenda de Canuan\u00e3 \u00e9 um modelo de moradia para quase 800 alunos da zona rural de Formoso do Araguaia, na Fazenda Canuan\u00e3.<\/p>\n<p><strong><a href=\"http:\/\/rosenbaum.com.br\/escritorio\/todos-os-projetos\/moradias-infantis-canuana\/\" target=\"_blank\" rel=\"noopener noreferrer\">Conhe\u00e7a aqui o projeto de arquitetura<\/a><\/strong> feito pela Rosenbaum em parceria o escrit\u00f3rio de arquitetura Aleph Zero.<\/p>\n<\/div>\n<\/div>\n<\/div>\n<\/div>\n<div><img loading=\"lazy\" class=\"img-responsive aligncenter wp-image-3134\" src=\"http:\/\/rosenbaum.com.br\/escritorio\/wp-content\/uploads\/2016\/05\/blank-prov.jpg\" alt=\"\" width=\"267\" height=\"100\"><\/div>\n<div class=\"module-image-alone modules\"><img loading=\"lazy\" class=\"img-responsive aligncenter wp-image-2032 size-full\" src=\"http:\/\/rosenbaum.com.br\/escritorio\/wp-content\/uploads\/2016\/04\/ID_canuana-icone.png\" width=\"91\" height=\"67\"><\/div>\n<\/div><div class=\"module-image-alone modules\">\u00a0<\/div><div>\n<div class=\"module-big-image-above modules\">\n<div class=\"row\">\n<div class=\"col-md-6 col-md-offset-3\">\n<h2 class=\"bg-white\">Fotos<\/h2>\n<\/div>\n<\/div>\n<\/div>\n<div class=\"modules gallery\">\n    <div class=\"row\">\n        <div class=\"col-xs-12 col-lg-8 col-lg-offset-2 col-md-10 col-md-offset-1\">\n            <div id=\"gallery-1\" class=\"carousel slide gallery-desktop\" data-ride=\"carousel\">\n                <div class=\"carousel-inner\" role=\"listbox\">\n                                                            <div class=\"item active\">\n                        <img width=\"1500\" height=\"844\" src=\"https:\/\/rosenbaum.com.br\/escritorio\/wp-content\/uploads\/2016\/04\/Rosenbaum-Arquitetura_Fundacao-Bradesco-Canuana_Foto-Leonardo-Finotti_Tomie-Ohtake-076-m.jpg\" class=\"attachment-full size-full\" alt=\"\" loading=\"lazy\" srcset=\"https:\/\/rosenbaum.com.br\/escritorio\/wp-content\/uploads\/2016\/04\/Rosenbaum-Arquitetura_Fundacao-Bradesco-Canuana_Foto-Leonardo-Finotti_Tomie-Ohtake-076-m.jpg 1500w, https:\/\/rosenbaum.com.br\/escritorio\/wp-content\/uploads\/2016\/04\/Rosenbaum-Arquitetura_Fundacao-Bradesco-Canuana_Foto-Leonardo-Finotti_Tomie-Ohtake-076-m-300x169.jpg 300w, https:\/\/rosenbaum.com.br\/escritorio\/wp-content\/uploads\/2016\/04\/Rosenbaum-Arquitetura_Fundacao-Bradesco-Canuana_Foto-Leonardo-Finotti_Tomie-Ohtake-076-m-768x432.jpg 768w, https:\/\/rosenbaum.com.br\/escritorio\/wp-content\/uploads\/2016\/04\/Rosenbaum-Arquitetura_Fundacao-Bradesco-Canuana_Foto-Leonardo-Finotti_Tomie-Ohtake-076-m-1024x576.jpg 1024w, https:\/\/rosenbaum.com.br\/escritorio\/wp-content\/uploads\/2016\/04\/Rosenbaum-Arquitetura_Fundacao-Bradesco-Canuana_Foto-Leonardo-Finotti_Tomie-Ohtake-076-m-130x73.jpg 130w, https:\/\/rosenbaum.com.br\/escritorio\/wp-content\/uploads\/2016\/04\/Rosenbaum-Arquitetura_Fundacao-Bradesco-Canuana_Foto-Leonardo-Finotti_Tomie-Ohtake-076-m-640x360.jpg 640w, https:\/\/rosenbaum.com.br\/escritorio\/wp-content\/uploads\/2016\/04\/Rosenbaum-Arquitetura_Fundacao-Bradesco-Canuana_Foto-Leonardo-Finotti_Tomie-Ohtake-076-m-1280x720.jpg 1280w, https:\/\/rosenbaum.com.br\/escritorio\/wp-content\/uploads\/2016\/04\/Rosenbaum-Arquitetura_Fundacao-Bradesco-Canuana_Foto-Leonardo-Finotti_Tomie-Ohtake-076-m-258x145.jpg 258w\" sizes=\"(max-width: 1500px) 100vw, 1500px\">                                            <\/div>\n                                        <div class=\"item \">\n                        <img width=\"534\" height=\"800\" src=\"https:\/\/rosenbaum.com.br\/escritorio\/wp-content\/uploads\/2020\/10\/Rosenbaum-Design-Fundacao-Bradesco-Canuana-Mobiliario-armario-e-beliche.jpg\" class=\"attachment-full size-full\" alt=\"\" loading=\"lazy\" srcset=\"https:\/\/rosenbaum.com.br\/escritorio\/wp-content\/uploads\/2020\/10\/Rosenbaum-Design-Fundacao-Bradesco-Canuana-Mobiliario-armario-e-beliche.jpg 534w, https:\/\/rosenbaum.com.br\/escritorio\/wp-content\/uploads\/2020\/10\/Rosenbaum-Design-Fundacao-Bradesco-Canuana-Mobiliario-armario-e-beliche-200x300.jpg 200w, https:\/\/rosenbaum.com.br\/escritorio\/wp-content\/uploads\/2020\/10\/Rosenbaum-Design-Fundacao-Bradesco-Canuana-Mobiliario-armario-e-beliche-87x130.jpg 87w, https:\/\/rosenbaum.com.br\/escritorio\/wp-content\/uploads\/2020\/10\/Rosenbaum-Design-Fundacao-Bradesco-Canuana-Mobiliario-armario-e-beliche-258x387.jpg 258w\" sizes=\"(max-width: 534px) 100vw, 534px\">                                            <\/div>\n                                        <div class=\"item \">\n                        <img width=\"1500\" height=\"844\" src=\"https:\/\/rosenbaum.com.br\/escritorio\/wp-content\/uploads\/2016\/04\/Rosenbaum-Arquitetura_Fundacao-Bradesco-Canuana_Foto-Leonardo-Finotti_Tomie-Ohtake-096-m.jpg\" class=\"attachment-full size-full\" alt=\"\" loading=\"lazy\" srcset=\"https:\/\/rosenbaum.com.br\/escritorio\/wp-content\/uploads\/2016\/04\/Rosenbaum-Arquitetura_Fundacao-Bradesco-Canuana_Foto-Leonardo-Finotti_Tomie-Ohtake-096-m.jpg 1500w, https:\/\/rosenbaum.com.br\/escritorio\/wp-content\/uploads\/2016\/04\/Rosenbaum-Arquitetura_Fundacao-Bradesco-Canuana_Foto-Leonardo-Finotti_Tomie-Ohtake-096-m-300x169.jpg 300w, https:\/\/rosenbaum.com.br\/escritorio\/wp-content\/uploads\/2016\/04\/Rosenbaum-Arquitetura_Fundacao-Bradesco-Canuana_Foto-Leonardo-Finotti_Tomie-Ohtake-096-m-768x432.jpg 768w, https:\/\/rosenbaum.com.br\/escritorio\/wp-content\/uploads\/2016\/04\/Rosenbaum-Arquitetura_Fundacao-Bradesco-Canuana_Foto-Leonardo-Finotti_Tomie-Ohtake-096-m-1024x576.jpg 1024w, https:\/\/rosenbaum.com.br\/escritorio\/wp-content\/uploads\/2016\/04\/Rosenbaum-Arquitetura_Fundacao-Bradesco-Canuana_Foto-Leonardo-Finotti_Tomie-Ohtake-096-m-130x73.jpg 130w, https:\/\/rosenbaum.com.br\/escritorio\/wp-content\/uploads\/2016\/04\/Rosenbaum-Arquitetura_Fundacao-Bradesco-Canuana_Foto-Leonardo-Finotti_Tomie-Ohtake-096-m-640x360.jpg 640w, https:\/\/rosenbaum.com.br\/escritorio\/wp-content\/uploads\/2016\/04\/Rosenbaum-Arquitetura_Fundacao-Bradesco-Canuana_Foto-Leonardo-Finotti_Tomie-Ohtake-096-m-1280x720.jpg 1280w, https:\/\/rosenbaum.com.br\/escritorio\/wp-content\/uploads\/2016\/04\/Rosenbaum-Arquitetura_Fundacao-Bradesco-Canuana_Foto-Leonardo-Finotti_Tomie-Ohtake-096-m-258x145.jpg 258w\" sizes=\"(max-width: 1500px) 100vw, 1500px\">                                            <\/div>\n                                        <div class=\"item \">\n                        <img width=\"1500\" height=\"844\" src=\"https:\/\/rosenbaum.com.br\/escritorio\/wp-content\/uploads\/2016\/04\/Rosenbaum-Arquitetura_Fundacao-Bradesco-Canuana_Foto-Leonardo-Finotti_Tomie-Ohtake-064-m.jpg\" class=\"attachment-full size-full\" alt=\"\" loading=\"lazy\" srcset=\"https:\/\/rosenbaum.com.br\/escritorio\/wp-content\/uploads\/2016\/04\/Rosenbaum-Arquitetura_Fundacao-Bradesco-Canuana_Foto-Leonardo-Finotti_Tomie-Ohtake-064-m.jpg 1500w, https:\/\/rosenbaum.com.br\/escritorio\/wp-content\/uploads\/2016\/04\/Rosenbaum-Arquitetura_Fundacao-Bradesco-Canuana_Foto-Leonardo-Finotti_Tomie-Ohtake-064-m-300x169.jpg 300w, https:\/\/rosenbaum.com.br\/escritorio\/wp-content\/uploads\/2016\/04\/Rosenbaum-Arquitetura_Fundacao-Bradesco-Canuana_Foto-Leonardo-Finotti_Tomie-Ohtake-064-m-768x432.jpg 768w, https:\/\/rosenbaum.com.br\/escritorio\/wp-content\/uploads\/2016\/04\/Rosenbaum-Arquitetura_Fundacao-Bradesco-Canuana_Foto-Leonardo-Finotti_Tomie-Ohtake-064-m-1024x576.jpg 1024w, https:\/\/rosenbaum.com.br\/escritorio\/wp-content\/uploads\/2016\/04\/Rosenbaum-Arquitetura_Fundacao-Bradesco-Canuana_Foto-Leonardo-Finotti_Tomie-Ohtake-064-m-130x73.jpg 130w, https:\/\/rosenbaum.com.br\/escritorio\/wp-content\/uploads\/2016\/04\/Rosenbaum-Arquitetura_Fundacao-Bradesco-Canuana_Foto-Leonardo-Finotti_Tomie-Ohtake-064-m-640x360.jpg 640w, https:\/\/rosenbaum.com.br\/escritorio\/wp-content\/uploads\/2016\/04\/Rosenbaum-Arquitetura_Fundacao-Bradesco-Canuana_Foto-Leonardo-Finotti_Tomie-Ohtake-064-m-1280x720.jpg 1280w, https:\/\/rosenbaum.com.br\/escritorio\/wp-content\/uploads\/2016\/04\/Rosenbaum-Arquitetura_Fundacao-Bradesco-Canuana_Foto-Leonardo-Finotti_Tomie-Ohtake-064-m-258x145.jpg 258w\" sizes=\"(max-width: 1500px) 100vw, 1500px\">                                            <\/div>\n                                        <div class=\"item \">\n                        <img width=\"1500\" height=\"844\" src=\"https:\/\/rosenbaum.com.br\/escritorio\/wp-content\/uploads\/2016\/04\/Rosenbaum-Arquitetura_Fundacao-Bradesco-Canuana_Foto-Leonardo-Finotti_Tomie-Ohtake-071-m.jpg\" class=\"attachment-full size-full\" alt=\"\" loading=\"lazy\" srcset=\"https:\/\/rosenbaum.com.br\/escritorio\/wp-content\/uploads\/2016\/04\/Rosenbaum-Arquitetura_Fundacao-Bradesco-Canuana_Foto-Leonardo-Finotti_Tomie-Ohtake-071-m.jpg 1500w, https:\/\/rosenbaum.com.br\/escritorio\/wp-content\/uploads\/2016\/04\/Rosenbaum-Arquitetura_Fundacao-Bradesco-Canuana_Foto-Leonardo-Finotti_Tomie-Ohtake-071-m-300x169.jpg 300w, https:\/\/rosenbaum.com.br\/escritorio\/wp-content\/uploads\/2016\/04\/Rosenbaum-Arquitetura_Fundacao-Bradesco-Canuana_Foto-Leonardo-Finotti_Tomie-Ohtake-071-m-768x432.jpg 768w, https:\/\/rosenbaum.com.br\/escritorio\/wp-content\/uploads\/2016\/04\/Rosenbaum-Arquitetura_Fundacao-Bradesco-Canuana_Foto-Leonardo-Finotti_Tomie-Ohtake-071-m-1024x576.jpg 1024w, https:\/\/rosenbaum.com.br\/escritorio\/wp-content\/uploads\/2016\/04\/Rosenbaum-Arquitetura_Fundacao-Bradesco-Canuana_Foto-Leonardo-Finotti_Tomie-Ohtake-071-m-130x73.jpg 130w, https:\/\/rosenbaum.com.br\/escritorio\/wp-content\/uploads\/2016\/04\/Rosenbaum-Arquitetura_Fundacao-Bradesco-Canuana_Foto-Leonardo-Finotti_Tomie-Ohtake-071-m-640x360.jpg 640w, https:\/\/rosenbaum.com.br\/escritorio\/wp-content\/uploads\/2016\/04\/Rosenbaum-Arquitetura_Fundacao-Bradesco-Canuana_Foto-Leonardo-Finotti_Tomie-Ohtake-071-m-1280x720.jpg 1280w, https:\/\/rosenbaum.com.br\/escritorio\/wp-content\/uploads\/2016\/04\/Rosenbaum-Arquitetura_Fundacao-Bradesco-Canuana_Foto-Leonardo-Finotti_Tomie-Ohtake-071-m-258x145.jpg 258w\" sizes=\"(max-width: 1500px) 100vw, 1500px\">                                            <\/div>\n                                        <div class=\"item \">\n                        <img width=\"1500\" height=\"844\" src=\"https:\/\/rosenbaum.com.br\/escritorio\/wp-content\/uploads\/2016\/04\/Rosenbaum-Arquitetura_Fundacao-Bradesco-Canuana_Foto-Leonardo-Finotti_Tomie-Ohtake-061-m.jpg\" class=\"attachment-full size-full\" alt=\"\" loading=\"lazy\" srcset=\"https:\/\/rosenbaum.com.br\/escritorio\/wp-content\/uploads\/2016\/04\/Rosenbaum-Arquitetura_Fundacao-Bradesco-Canuana_Foto-Leonardo-Finotti_Tomie-Ohtake-061-m.jpg 1500w, https:\/\/rosenbaum.com.br\/escritorio\/wp-content\/uploads\/2016\/04\/Rosenbaum-Arquitetura_Fundacao-Bradesco-Canuana_Foto-Leonardo-Finotti_Tomie-Ohtake-061-m-300x169.jpg 300w, https:\/\/rosenbaum.com.br\/escritorio\/wp-content\/uploads\/2016\/04\/Rosenbaum-Arquitetura_Fundacao-Bradesco-Canuana_Foto-Leonardo-Finotti_Tomie-Ohtake-061-m-768x432.jpg 768w, https:\/\/rosenbaum.com.br\/escritorio\/wp-content\/uploads\/2016\/04\/Rosenbaum-Arquitetura_Fundacao-Bradesco-Canuana_Foto-Leonardo-Finotti_Tomie-Ohtake-061-m-1024x576.jpg 1024w, https:\/\/rosenbaum.com.br\/escritorio\/wp-content\/uploads\/2016\/04\/Rosenbaum-Arquitetura_Fundacao-Bradesco-Canuana_Foto-Leonardo-Finotti_Tomie-Ohtake-061-m-130x73.jpg 130w, https:\/\/rosenbaum.com.br\/escritorio\/wp-content\/uploads\/2016\/04\/Rosenbaum-Arquitetura_Fundacao-Bradesco-Canuana_Foto-Leonardo-Finotti_Tomie-Ohtake-061-m-640x360.jpg 640w, https:\/\/rosenbaum.com.br\/escritorio\/wp-content\/uploads\/2016\/04\/Rosenbaum-Arquitetura_Fundacao-Bradesco-Canuana_Foto-Leonardo-Finotti_Tomie-Ohtake-061-m-1280x720.jpg 1280w, https:\/\/rosenbaum.com.br\/escritorio\/wp-content\/uploads\/2016\/04\/Rosenbaum-Arquitetura_Fundacao-Bradesco-Canuana_Foto-Leonardo-Finotti_Tomie-Ohtake-061-m-258x145.jpg 258w\" sizes=\"(max-width: 1500px) 100vw, 1500px\">                                            <\/div>\n                                        <div class=\"item \">\n                        <img width=\"1500\" height=\"843\" src=\"https:\/\/rosenbaum.com.br\/escritorio\/wp-content\/uploads\/2016\/04\/Rosenbaum-Arquitetura_Fundacao-Bradesco-Canuana_Foto-Leonardo-Finotti_Tomie-Ohtake-060-m.jpg\" class=\"attachment-full size-full\" alt=\"\" loading=\"lazy\" srcset=\"https:\/\/rosenbaum.com.br\/escritorio\/wp-content\/uploads\/2016\/04\/Rosenbaum-Arquitetura_Fundacao-Bradesco-Canuana_Foto-Leonardo-Finotti_Tomie-Ohtake-060-m.jpg 1500w, https:\/\/rosenbaum.com.br\/escritorio\/wp-content\/uploads\/2016\/04\/Rosenbaum-Arquitetura_Fundacao-Bradesco-Canuana_Foto-Leonardo-Finotti_Tomie-Ohtake-060-m-300x169.jpg 300w, https:\/\/rosenbaum.com.br\/escritorio\/wp-content\/uploads\/2016\/04\/Rosenbaum-Arquitetura_Fundacao-Bradesco-Canuana_Foto-Leonardo-Finotti_Tomie-Ohtake-060-m-768x432.jpg 768w, https:\/\/rosenbaum.com.br\/escritorio\/wp-content\/uploads\/2016\/04\/Rosenbaum-Arquitetura_Fundacao-Bradesco-Canuana_Foto-Leonardo-Finotti_Tomie-Ohtake-060-m-1024x575.jpg 1024w, https:\/\/rosenbaum.com.br\/escritorio\/wp-content\/uploads\/2016\/04\/Rosenbaum-Arquitetura_Fundacao-Bradesco-Canuana_Foto-Leonardo-Finotti_Tomie-Ohtake-060-m-130x73.jpg 130w, https:\/\/rosenbaum.com.br\/escritorio\/wp-content\/uploads\/2016\/04\/Rosenbaum-Arquitetura_Fundacao-Bradesco-Canuana_Foto-Leonardo-Finotti_Tomie-Ohtake-060-m-640x360.jpg 640w, https:\/\/rosenbaum.com.br\/escritorio\/wp-content\/uploads\/2016\/04\/Rosenbaum-Arquitetura_Fundacao-Bradesco-Canuana_Foto-Leonardo-Finotti_Tomie-Ohtake-060-m-1280x719.jpg 1280w, https:\/\/rosenbaum.com.br\/escritorio\/wp-content\/uploads\/2016\/04\/Rosenbaum-Arquitetura_Fundacao-Bradesco-Canuana_Foto-Leonardo-Finotti_Tomie-Ohtake-060-m-258x145.jpg 258w\" sizes=\"(max-width: 1500px) 100vw, 1500px\">                                            <\/div>\n                                    <\/div>\n                <div class=\"carousel-indicators-wraper bg-color-90\">\n                    <ol class=\"carousel-indicators\">\n                                                                        <li data-target=\"#gallery-1\" data-slide-to=\"0\" class=\"active\">\n                            <img width=\"130\" height=\"73\" src=\"https:\/\/rosenbaum.com.br\/escritorio\/wp-content\/uploads\/2016\/04\/Rosenbaum-Arquitetura_Fundacao-Bradesco-Canuana_Foto-Leonardo-Finotti_Tomie-Ohtake-076-m-130x73.jpg\" class=\"attachment-gallery-thumb size-gallery-thumb\" alt=\"\" loading=\"lazy\" srcset=\"https:\/\/rosenbaum.com.br\/escritorio\/wp-content\/uploads\/2016\/04\/Rosenbaum-Arquitetura_Fundacao-Bradesco-Canuana_Foto-Leonardo-Finotti_Tomie-Ohtake-076-m-130x73.jpg 130w, https:\/\/rosenbaum.com.br\/escritorio\/wp-content\/uploads\/2016\/04\/Rosenbaum-Arquitetura_Fundacao-Bradesco-Canuana_Foto-Leonardo-Finotti_Tomie-Ohtake-076-m-300x169.jpg 300w, https:\/\/rosenbaum.com.br\/escritorio\/wp-content\/uploads\/2016\/04\/Rosenbaum-Arquitetura_Fundacao-Bradesco-Canuana_Foto-Leonardo-Finotti_Tomie-Ohtake-076-m-768x432.jpg 768w, https:\/\/rosenbaum.com.br\/escritorio\/wp-content\/uploads\/2016\/04\/Rosenbaum-Arquitetura_Fundacao-Bradesco-Canuana_Foto-Leonardo-Finotti_Tomie-Ohtake-076-m-1024x576.jpg 1024w, https:\/\/rosenbaum.com.br\/escritorio\/wp-content\/uploads\/2016\/04\/Rosenbaum-Arquitetura_Fundacao-Bradesco-Canuana_Foto-Leonardo-Finotti_Tomie-Ohtake-076-m-640x360.jpg 640w, https:\/\/rosenbaum.com.br\/escritorio\/wp-content\/uploads\/2016\/04\/Rosenbaum-Arquitetura_Fundacao-Bradesco-Canuana_Foto-Leonardo-Finotti_Tomie-Ohtake-076-m-1280x720.jpg 1280w, https:\/\/rosenbaum.com.br\/escritorio\/wp-content\/uploads\/2016\/04\/Rosenbaum-Arquitetura_Fundacao-Bradesco-Canuana_Foto-Leonardo-Finotti_Tomie-Ohtake-076-m-258x145.jpg 258w, https:\/\/rosenbaum.com.br\/escritorio\/wp-content\/uploads\/2016\/04\/Rosenbaum-Arquitetura_Fundacao-Bradesco-Canuana_Foto-Leonardo-Finotti_Tomie-Ohtake-076-m.jpg 1500w\" sizes=\"(max-width: 130px) 100vw, 130px\">                            <span>1\/7<\/span>\n                        <\/li>\n                                                <li data-target=\"#gallery-1\" data-slide-to=\"1\">\n                            <img width=\"87\" height=\"130\" src=\"https:\/\/rosenbaum.com.br\/escritorio\/wp-content\/uploads\/2020\/10\/Rosenbaum-Design-Fundacao-Bradesco-Canuana-Mobiliario-armario-e-beliche-87x130.jpg\" class=\"attachment-gallery-thumb size-gallery-thumb\" alt=\"\" loading=\"lazy\" srcset=\"https:\/\/rosenbaum.com.br\/escritorio\/wp-content\/uploads\/2020\/10\/Rosenbaum-Design-Fundacao-Bradesco-Canuana-Mobiliario-armario-e-beliche-87x130.jpg 87w, https:\/\/rosenbaum.com.br\/escritorio\/wp-content\/uploads\/2020\/10\/Rosenbaum-Design-Fundacao-Bradesco-Canuana-Mobiliario-armario-e-beliche-200x300.jpg 200w, https:\/\/rosenbaum.com.br\/escritorio\/wp-content\/uploads\/2020\/10\/Rosenbaum-Design-Fundacao-Bradesco-Canuana-Mobiliario-armario-e-beliche-258x387.jpg 258w, https:\/\/rosenbaum.com.br\/escritorio\/wp-content\/uploads\/2020\/10\/Rosenbaum-Design-Fundacao-Bradesco-Canuana-Mobiliario-armario-e-beliche.jpg 534w\" sizes=\"(max-width: 87px) 100vw, 87px\">                            <span>2\/7<\/span>\n                        <\/li>\n                                                <li data-target=\"#gallery-1\" data-slide-to=\"2\">\n                            <img width=\"130\" height=\"73\" src=\"https:\/\/rosenbaum.com.br\/escritorio\/wp-content\/uploads\/2016\/04\/Rosenbaum-Arquitetura_Fundacao-Bradesco-Canuana_Foto-Leonardo-Finotti_Tomie-Ohtake-096-m-130x73.jpg\" class=\"attachment-gallery-thumb size-gallery-thumb\" alt=\"\" loading=\"lazy\" srcset=\"https:\/\/rosenbaum.com.br\/escritorio\/wp-content\/uploads\/2016\/04\/Rosenbaum-Arquitetura_Fundacao-Bradesco-Canuana_Foto-Leonardo-Finotti_Tomie-Ohtake-096-m-130x73.jpg 130w, https:\/\/rosenbaum.com.br\/escritorio\/wp-content\/uploads\/2016\/04\/Rosenbaum-Arquitetura_Fundacao-Bradesco-Canuana_Foto-Leonardo-Finotti_Tomie-Ohtake-096-m-300x169.jpg 300w, https:\/\/rosenbaum.com.br\/escritorio\/wp-content\/uploads\/2016\/04\/Rosenbaum-Arquitetura_Fundacao-Bradesco-Canuana_Foto-Leonardo-Finotti_Tomie-Ohtake-096-m-768x432.jpg 768w, https:\/\/rosenbaum.com.br\/escritorio\/wp-content\/uploads\/2016\/04\/Rosenbaum-Arquitetura_Fundacao-Bradesco-Canuana_Foto-Leonardo-Finotti_Tomie-Ohtake-096-m-1024x576.jpg 1024w, https:\/\/rosenbaum.com.br\/escritorio\/wp-content\/uploads\/2016\/04\/Rosenbaum-Arquitetura_Fundacao-Bradesco-Canuana_Foto-Leonardo-Finotti_Tomie-Ohtake-096-m-640x360.jpg 640w, https:\/\/rosenbaum.com.br\/escritorio\/wp-content\/uploads\/2016\/04\/Rosenbaum-Arquitetura_Fundacao-Bradesco-Canuana_Foto-Leonardo-Finotti_Tomie-Ohtake-096-m-1280x720.jpg 1280w, https:\/\/rosenbaum.com.br\/escritorio\/wp-content\/uploads\/2016\/04\/Rosenbaum-Arquitetura_Fundacao-Bradesco-Canuana_Foto-Leonardo-Finotti_Tomie-Ohtake-096-m-258x145.jpg 258w, https:\/\/rosenbaum.com.br\/escritorio\/wp-content\/uploads\/2016\/04\/Rosenbaum-Arquitetura_Fundacao-Bradesco-Canuana_Foto-Leonardo-Finotti_Tomie-Ohtake-096-m.jpg 1500w\" sizes=\"(max-width: 130px) 100vw, 130px\">                            <span>3\/7<\/span>\n                        <\/li>\n                                                <li data-target=\"#gallery-1\" data-slide-to=\"3\">\n                            <img width=\"130\" height=\"73\" src=\"https:\/\/rosenbaum.com.br\/escritorio\/wp-content\/uploads\/2016\/04\/Rosenbaum-Arquitetura_Fundacao-Bradesco-Canuana_Foto-Leonardo-Finotti_Tomie-Ohtake-064-m-130x73.jpg\" class=\"attachment-gallery-thumb size-gallery-thumb\" alt=\"\" loading=\"lazy\" srcset=\"https:\/\/rosenbaum.com.br\/escritorio\/wp-content\/uploads\/2016\/04\/Rosenbaum-Arquitetura_Fundacao-Bradesco-Canuana_Foto-Leonardo-Finotti_Tomie-Ohtake-064-m-130x73.jpg 130w, https:\/\/rosenbaum.com.br\/escritorio\/wp-content\/uploads\/2016\/04\/Rosenbaum-Arquitetura_Fundacao-Bradesco-Canuana_Foto-Leonardo-Finotti_Tomie-Ohtake-064-m-300x169.jpg 300w, https:\/\/rosenbaum.com.br\/escritorio\/wp-content\/uploads\/2016\/04\/Rosenbaum-Arquitetura_Fundacao-Bradesco-Canuana_Foto-Leonardo-Finotti_Tomie-Ohtake-064-m-768x432.jpg 768w, https:\/\/rosenbaum.com.br\/escritorio\/wp-content\/uploads\/2016\/04\/Rosenbaum-Arquitetura_Fundacao-Bradesco-Canuana_Foto-Leonardo-Finotti_Tomie-Ohtake-064-m-1024x576.jpg 1024w, https:\/\/rosenbaum.com.br\/escritorio\/wp-content\/uploads\/2016\/04\/Rosenbaum-Arquitetura_Fundacao-Bradesco-Canuana_Foto-Leonardo-Finotti_Tomie-Ohtake-064-m-640x360.jpg 640w, https:\/\/rosenbaum.com.br\/escritorio\/wp-content\/uploads\/2016\/04\/Rosenbaum-Arquitetura_Fundacao-Bradesco-Canuana_Foto-Leonardo-Finotti_Tomie-Ohtake-064-m-1280x720.jpg 1280w, https:\/\/rosenbaum.com.br\/escritorio\/wp-content\/uploads\/2016\/04\/Rosenbaum-Arquitetura_Fundacao-Bradesco-Canuana_Foto-Leonardo-Finotti_Tomie-Ohtake-064-m-258x145.jpg 258w, https:\/\/rosenbaum.com.br\/escritorio\/wp-content\/uploads\/2016\/04\/Rosenbaum-Arquitetura_Fundacao-Bradesco-Canuana_Foto-Leonardo-Finotti_Tomie-Ohtake-064-m.jpg 1500w\" sizes=\"(max-width: 130px) 100vw, 130px\">                            <span>4\/7<\/span>\n                        <\/li>\n                                                <li data-target=\"#gallery-1\" data-slide-to=\"4\">\n                            <img width=\"130\" height=\"73\" src=\"https:\/\/rosenbaum.com.br\/escritorio\/wp-content\/uploads\/2016\/04\/Rosenbaum-Arquitetura_Fundacao-Bradesco-Canuana_Foto-Leonardo-Finotti_Tomie-Ohtake-071-m-130x73.jpg\" class=\"attachment-gallery-thumb size-gallery-thumb\" alt=\"\" loading=\"lazy\" srcset=\"https:\/\/rosenbaum.com.br\/escritorio\/wp-content\/uploads\/2016\/04\/Rosenbaum-Arquitetura_Fundacao-Bradesco-Canuana_Foto-Leonardo-Finotti_Tomie-Ohtake-071-m-130x73.jpg 130w, https:\/\/rosenbaum.com.br\/escritorio\/wp-content\/uploads\/2016\/04\/Rosenbaum-Arquitetura_Fundacao-Bradesco-Canuana_Foto-Leonardo-Finotti_Tomie-Ohtake-071-m-300x169.jpg 300w, https:\/\/rosenbaum.com.br\/escritorio\/wp-content\/uploads\/2016\/04\/Rosenbaum-Arquitetura_Fundacao-Bradesco-Canuana_Foto-Leonardo-Finotti_Tomie-Ohtake-071-m-768x432.jpg 768w, https:\/\/rosenbaum.com.br\/escritorio\/wp-content\/uploads\/2016\/04\/Rosenbaum-Arquitetura_Fundacao-Bradesco-Canuana_Foto-Leonardo-Finotti_Tomie-Ohtake-071-m-1024x576.jpg 1024w, https:\/\/rosenbaum.com.br\/escritorio\/wp-content\/uploads\/2016\/04\/Rosenbaum-Arquitetura_Fundacao-Bradesco-Canuana_Foto-Leonardo-Finotti_Tomie-Ohtake-071-m-640x360.jpg 640w, https:\/\/rosenbaum.com.br\/escritorio\/wp-content\/uploads\/2016\/04\/Rosenbaum-Arquitetura_Fundacao-Bradesco-Canuana_Foto-Leonardo-Finotti_Tomie-Ohtake-071-m-1280x720.jpg 1280w, https:\/\/rosenbaum.com.br\/escritorio\/wp-content\/uploads\/2016\/04\/Rosenbaum-Arquitetura_Fundacao-Bradesco-Canuana_Foto-Leonardo-Finotti_Tomie-Ohtake-071-m-258x145.jpg 258w, https:\/\/rosenbaum.com.br\/escritorio\/wp-content\/uploads\/2016\/04\/Rosenbaum-Arquitetura_Fundacao-Bradesco-Canuana_Foto-Leonardo-Finotti_Tomie-Ohtake-071-m.jpg 1500w\" sizes=\"(max-width: 130px) 100vw, 130px\">                            <span>5\/7<\/span>\n                        <\/li>\n                                                <li data-target=\"#gallery-1\" data-slide-to=\"5\">\n                            <img width=\"130\" height=\"73\" src=\"https:\/\/rosenbaum.com.br\/escritorio\/wp-content\/uploads\/2016\/04\/Rosenbaum-Arquitetura_Fundacao-Bradesco-Canuana_Foto-Leonardo-Finotti_Tomie-Ohtake-061-m-130x73.jpg\" class=\"attachment-gallery-thumb size-gallery-thumb\" alt=\"\" loading=\"lazy\" srcset=\"https:\/\/rosenbaum.com.br\/escritorio\/wp-content\/uploads\/2016\/04\/Rosenbaum-Arquitetura_Fundacao-Bradesco-Canuana_Foto-Leonardo-Finotti_Tomie-Ohtake-061-m-130x73.jpg 130w, https:\/\/rosenbaum.com.br\/escritorio\/wp-content\/uploads\/2016\/04\/Rosenbaum-Arquitetura_Fundacao-Bradesco-Canuana_Foto-Leonardo-Finotti_Tomie-Ohtake-061-m-300x169.jpg 300w, https:\/\/rosenbaum.com.br\/escritorio\/wp-content\/uploads\/2016\/04\/Rosenbaum-Arquitetura_Fundacao-Bradesco-Canuana_Foto-Leonardo-Finotti_Tomie-Ohtake-061-m-768x432.jpg 768w, https:\/\/rosenbaum.com.br\/escritorio\/wp-content\/uploads\/2016\/04\/Rosenbaum-Arquitetura_Fundacao-Bradesco-Canuana_Foto-Leonardo-Finotti_Tomie-Ohtake-061-m-1024x576.jpg 1024w, https:\/\/rosenbaum.com.br\/escritorio\/wp-content\/uploads\/2016\/04\/Rosenbaum-Arquitetura_Fundacao-Bradesco-Canuana_Foto-Leonardo-Finotti_Tomie-Ohtake-061-m-640x360.jpg 640w, https:\/\/rosenbaum.com.br\/escritorio\/wp-content\/uploads\/2016\/04\/Rosenbaum-Arquitetura_Fundacao-Bradesco-Canuana_Foto-Leonardo-Finotti_Tomie-Ohtake-061-m-1280x720.jpg 1280w, https:\/\/rosenbaum.com.br\/escritorio\/wp-content\/uploads\/2016\/04\/Rosenbaum-Arquitetura_Fundacao-Bradesco-Canuana_Foto-Leonardo-Finotti_Tomie-Ohtake-061-m-258x145.jpg 258w, https:\/\/rosenbaum.com.br\/escritorio\/wp-content\/uploads\/2016\/04\/Rosenbaum-Arquitetura_Fundacao-Bradesco-Canuana_Foto-Leonardo-Finotti_Tomie-Ohtake-061-m.jpg 1500w\" sizes=\"(max-width: 130px) 100vw, 130px\">                            <span>6\/7<\/span>\n                        <\/li>\n                                                <li data-target=\"#gallery-1\" data-slide-to=\"6\">\n                            <img width=\"130\" height=\"73\" src=\"https:\/\/rosenbaum.com.br\/escritorio\/wp-content\/uploads\/2016\/04\/Rosenbaum-Arquitetura_Fundacao-Bradesco-Canuana_Foto-Leonardo-Finotti_Tomie-Ohtake-060-m-130x73.jpg\" class=\"attachment-gallery-thumb size-gallery-thumb\" alt=\"\" loading=\"lazy\" srcset=\"https:\/\/rosenbaum.com.br\/escritorio\/wp-content\/uploads\/2016\/04\/Rosenbaum-Arquitetura_Fundacao-Bradesco-Canuana_Foto-Leonardo-Finotti_Tomie-Ohtake-060-m-130x73.jpg 130w, https:\/\/rosenbaum.com.br\/escritorio\/wp-content\/uploads\/2016\/04\/Rosenbaum-Arquitetura_Fundacao-Bradesco-Canuana_Foto-Leonardo-Finotti_Tomie-Ohtake-060-m-300x169.jpg 300w, https:\/\/rosenbaum.com.br\/escritorio\/wp-content\/uploads\/2016\/04\/Rosenbaum-Arquitetura_Fundacao-Bradesco-Canuana_Foto-Leonardo-Finotti_Tomie-Ohtake-060-m-768x432.jpg 768w, https:\/\/rosenbaum.com.br\/escritorio\/wp-content\/uploads\/2016\/04\/Rosenbaum-Arquitetura_Fundacao-Bradesco-Canuana_Foto-Leonardo-Finotti_Tomie-Ohtake-060-m-1024x575.jpg 1024w, https:\/\/rosenbaum.com.br\/escritorio\/wp-content\/uploads\/2016\/04\/Rosenbaum-Arquitetura_Fundacao-Bradesco-Canuana_Foto-Leonardo-Finotti_Tomie-Ohtake-060-m-640x360.jpg 640w, https:\/\/rosenbaum.com.br\/escritorio\/wp-content\/uploads\/2016\/04\/Rosenbaum-Arquitetura_Fundacao-Bradesco-Canuana_Foto-Leonardo-Finotti_Tomie-Ohtake-060-m-1280x719.jpg 1280w, https:\/\/rosenbaum.com.br\/escritorio\/wp-content\/uploads\/2016\/04\/Rosenbaum-Arquitetura_Fundacao-Bradesco-Canuana_Foto-Leonardo-Finotti_Tomie-Ohtake-060-m-258x145.jpg 258w, https:\/\/rosenbaum.com.br\/escritorio\/wp-content\/uploads\/2016\/04\/Rosenbaum-Arquitetura_Fundacao-Bradesco-Canuana_Foto-Leonardo-Finotti_Tomie-Ohtake-060-m.jpg 1500w\" sizes=\"(max-width: 130px) 100vw, 130px\">                            <span>7\/7<\/span>\n                        <\/li>\n                                            <\/ol>\n                    <a class=\"left carousel-control\" href=\"#gallery-1\" role=\"button\" data-slide=\"prev\">\n                        <span class=\"glyphicon glyphicon-chevron-left fa fa-chevron-left\" aria-hidden=\"true\"><\/span>\n                        <span class=\"sr-only\">Anterior<\/span>\n                    <\/a>\n                    <a class=\"right carousel-control\" href=\"#gallery-1\" role=\"button\" data-slide=\"next\">\n                        <span class=\"glyphicon glyphicon-chevron-right fa fa-chevron-right\" aria-hidden=\"true\"><\/span>\n                        <span class=\"sr-only\">Pr\u00f3ximo<\/span>\n                    <\/a>\n                <\/div>\n            <\/div>\n        <\/div>\n    <\/div>\n<\/div>\n<\/div><div class=\"modules\"><div class=\"row\"><div class=\"col-xs-12 col-md-6 col-md-offset-3\"><p><img loading=\"lazy\" class=\"img-responsive aligncenter wp-image-3134\" style=\"font-size: 16px; font-weight: 300;\" src=\"http:\/\/rosenbaum.com.br\/escritorio\/wp-content\/uploads\/2016\/05\/blank-prov.jpg\" alt=\"\" width=\"267\" height=\"100\"><\/p><\/div><\/div><\/div><div>\n<div class=\"module-image-alone modules\"><img loading=\"lazy\" class=\"img-responsive aligncenter wp-image-4242 size-full\" src=\"http:\/\/rosenbaum.com.br\/escritorio\/wp-content\/uploads\/2016\/04\/ID_canuana-icone.png\" alt=\"\" width=\"91\" height=\"67\"><\/div>\n<\/div><div class=\"module-image-between modules\">\n<div class=\"row\">\n<h2 style=\"text-align: center;\">Ficha T\u00e9cnica<\/h2>\n<\/div>\n<\/div><div class=\"module-image-above modules\">\n<div class=\"row\">\n<div class=\"col-md-6 col-md-offset-3\">\n<p style=\"text-align: center;\"><strong>Design<\/strong><\/p>\n<p style=\"text-align: center;\">Rosenbaum e o Fetiche <br>\n\/ Marcelo Rosenbaum<br>\n\/ Adriana Benguela<br>\n\/ Paulo Biacchi<br>\n\/ Carolina Armellini<\/p>\n<\/div>\n<\/div>\n<\/div><div class=\"module-image-between modules\">\n<div class=\"row\">\n<p style=\"text-align: center;\">\u00a0<\/p>\n<p style=\"text-align: center;\">\u00a0<\/p>\n<\/div>\n<\/div><div>\n<div class=\"module-image-alone modules\" style=\"text-align: center;\"><img loading=\"lazy\" class=\"img-responsive aligncenter wp-image-3134\" src=\"http:\/\/rosenbaum.com.br\/escritorio\/wp-content\/uploads\/2016\/05\/blank-prov.jpg\" alt=\"\" width=\"80\" height=\"30\"><\/div>\n<\/div>","protected":false},"excerpt":{"rendered":"<p>Mobili\u00e1rio para Escola-fazenda de Canuan\u00e3 | Rosenbaum e o Fetiche.<\/p>\n","protected":false},"author":2,"featured_media":9626,"parent":10344,"menu_order":0,"comment_status":"closed","ping_status":"closed","template":"templates\/project.php","meta":[],"categories":[10],"tags":[],"_links":{"self":[{"href":"https:\/\/rosenbaum.com.br\/escritorio\/wp-json\/wp\/v2\/pages\/9620"}],"collection":[{"href":"https:\/\/rosenbaum.com.br\/escritorio\/wp-json\/wp\/v2\/pages"}],"about":[{"href":"https:\/\/rosenbaum.com.br\/escritorio\/wp-json\/wp\/v2\/types\/page"}],"author":[{"embeddable":true,"href":"https:\/\/rosenbaum.com.br\/escritorio\/wp-json\/wp\/v2\/users\/2"}],"replies":[{"embeddable":true,"href":"https:\/\/rosenbaum.com.br\/escritorio\/wp-json\/wp\/v2\/comments?post=9620"}],"version-history":[{"count":36,"href":"https:\/\/rosenbaum.com.br\/escritorio\/wp-json\/wp\/v2\/pages\/9620\/revisions"}],"predecessor-version":[{"id":10401,"href":"https:\/\/rosenbaum.com.br\/escritorio\/wp-json\/wp\/v2\/pages\/9620\/revisions\/10401"}],"up":[{"embeddable":true,"href":"https:\/\/rosenbaum.com.br\/escritorio\/wp-json\/wp\/v2\/pages\/10344"}],"wp:featuredmedia":[{"embeddable":true,"href":"https:\/\/rosenbaum.com.br\/escritorio\/wp-json\/wp\/v2\/media\/9626"}],"wp:attachment":[{"href":"https:\/\/rosenbaum.com.br\/escritorio\/wp-json\/wp\/v2\/media?parent=9620"}],"wp:term":[{"taxonomy":"category","embeddable":true,"href":"https:\/\/rosenbaum.com.br\/escritorio\/wp-json\/wp\/v2\/categories?post=9620"},{"taxonomy":"post_tag","embeddable":true,"href":"https:\/\/rosenbaum.com.br\/escritorio\/wp-json\/wp\/v2\/tags?post=9620"}],"curies":[{"name":"wp","href":"https:\/\/api.w.org\/{rel}","templated":true}]}}